{"id":748,"date":"2024-10-16T09:00:38","date_gmt":"2024-10-16T08:00:38","guid":{"rendered":"https:\/\/big-island.hu\/?page_id=748"},"modified":"2024-10-27T16:41:30","modified_gmt":"2024-10-27T15:41:30","slug":"adatkezelesi-szabalyzat","status":"publish","type":"page","link":"https:\/\/big-island.hu\/de\/adatkezelesi-szabalyzat\/","title":{"rendered":"Adatkezel\u00e9si szab\u00e1lyzat"},"content":{"rendered":"<p>[et_pb_section fb_built=&#8221;1&#8243; _builder_version=&#8221;4.24.0&#8243; _module_preset=&#8221;default&#8221; global_colors_info=&#8221;{}&#8221; theme_builder_area=&#8221;post_content&#8221;][et_pb_row _builder_version=&#8221;4.24.0&#8243; _module_preset=&#8221;default&#8221; global_colors_info=&#8221;{}&#8221; theme_builder_area=&#8221;post_content&#8221;][et_pb_column type=&#8221;4_4&#8243; _builder_version=&#8221;4.24.0&#8243; _module_preset=&#8221;default&#8221; global_colors_info=&#8221;{}&#8221; theme_builder_area=&#8221;post_content&#8221;][et_pb_heading title=&#8221;Adatkezel\u00e9si T\u00e1j\u00e9koztat\u00f3&#8221; _builder_version=&#8221;4.24.0&#8243; _module_preset=&#8221;default&#8221; title_text_align=&#8221;center&#8221; hover_enabled=&#8221;0&#8243; global_colors_info=&#8221;{}&#8221; theme_builder_area=&#8221;post_content&#8221; sticky_enabled=&#8221;0&#8243;][\/et_pb_heading][\/et_pb_column][\/et_pb_row][et_pb_row _builder_version=&#8221;4.24.0&#8243; _module_preset=&#8221;default&#8221; custom_margin=&#8221;|auto||61px||&#8221; global_colors_info=&#8221;{}&#8221; theme_builder_area=&#8221;post_content&#8221;][et_pb_column type=&#8221;4_4&#8243; _builder_version=&#8221;4.24.0&#8243; _module_preset=&#8221;default&#8221; global_colors_info=&#8221;{}&#8221; theme_builder_area=&#8221;post_content&#8221;][et_pb_text _builder_version=&#8221;4.24.0&#8243; _module_preset=&#8221;default&#8221; global_colors_info=&#8221;{}&#8221; theme_builder_area=&#8221;post_content&#8221;]<\/p>\n<p>&nbsp;<\/p>\n<p>&nbsp;<\/p>\n<div class=\"shopify-policy__container\">\n<div class=\"shopify-policy__body\">\n<div class=\"rte\">\n<p><span class=\"inserted_var\">Elfogad\u00e1s d\u00e1tuma: 2024-10-26<\/span><\/p>\n<p>&nbsp;<\/p>\n<div class=\"preview_anchor\" id=\"aszf12\">\n<p>&nbsp;<\/p>\n<\/div>\n<div class=\"preview_anchor\" id=\"aszf71\">\n<div class=\"mb-5\">\n<p class=\"fw-medium mb-0\"><span style=\"font-size: xx-large;\"><\/span><\/p>\n<p class=\"fw-medium mb-0\"><span style=\"font-size: xx-large;\">Adatkezel\u0151 :<\/span><span style=\"font-size: xx-large;\"><\/span><\/p>\n<p class=\"fw-medium mb-0\"><span><\/span><\/p>\n<p class=\"fw-medium mb-0\"><span><\/span><\/p>\n<\/div>\n<p><strong>C\u00e9gn\u00e9v:<\/strong><span>\u00a0<\/span>Big Island Trading House Kft.<\/p>\n<p><strong>Sz\u00e9khely:<\/strong><span>\u00a0<\/span><span>9241 J\u00e1nossomorja, Franck utca 19<\/span><\/p>\n<p><span><strong>Levelez\u00e9si c\u00edm:\u00a0<\/strong>9241 J\u00e1nossomorja, Franck utca 19<\/span><\/p>\n<p><strong>Ad\u00f3sz\u00e1m:<\/strong><span>\u00a0<\/span><span>32390465-2-08<\/span><\/p>\n<p><span><strong>C\u00e9gjegyz\u00e9ksz\u00e1m:<\/strong>\u00a008-09-036170<\/span><\/p>\n<p><strong>A c\u00e9get bejegyz\u0151 hat\u00f3s\u00e1g:\u00a0<\/strong><span>\u00a0<\/span>Gy\u0151ri T\u00f6rv\u00e9nysz\u00e9k C\u00e9gb\u00edr\u00f3s\u00e1ga<\/p>\n<p><strong>Kamara:<\/strong><span>\u00a0<\/span>Magyar Kereskedelmi \u00e9s Iparkamara<\/p>\n<p><strong>Banksz\u00e1mla sz\u00e1ma:<span>\u00a0<\/span><\/strong>HU13109180010000012419830004<\/p>\n<p><strong>SWIFT:<span>\u00a0<\/span><\/strong><span>BACXHUHB<\/span><\/p>\n<p><strong>Telefonsz\u00e1m:<\/strong>\u00a0 +36704538797<\/p>\n<p><strong>E-mail:<\/strong><span>\u00a0<\/span>info@big-island.hu<\/p>\n<p>&nbsp;<\/p>\n<p><span style=\"font-size: xx-large;\">T\u00e1rhelyszolg\u00e1ltat\u00f3:<\/span><\/p>\n<p><span><\/span><\/p>\n<p><strong>C\u00e9gn\u00e9v:<\/strong><span>\u00a0<\/span><span>\u00a0Sybell Informatika Kft.<\/span><\/p>\n<p><strong>C\u00edm:<\/strong>\u00a0<span>\u00a0<\/span><span>1158 Budapest, K\u00e9sm\u00e1rk u. 7\/B 2. em. 206.<\/span><\/p>\n<p><strong>Telefon:<\/strong><span>\u00a0+36 1 707 67 27<\/span><br \/><span><\/span><\/p>\n<p><strong>Web:<\/strong><span>\u00a0<\/span><a href=\"http:\/\/www.sybell.hu\/\">www.sybell.hu<\/a><\/p>\n<p><strong>E-mail:<\/strong><span>\u00a0<\/span>\u00a0<a href=\"mailto:info@sybell.hu\">info@sybell.hu<\/a><\/p>\n<p>&nbsp;<\/p>\n<\/div>\n<div class=\"preview_anchor\" id=\"aszf72\"><\/div>\n<\/div>\n<\/div>\n<\/div>\n<div id=\"shopify-section-sections--21816173199689__footer\" class=\"shopify-section shopify-section-group-footer-group\">\n<footer class=\"footer color-scheme-1 gradient section-sections--21816173199689__footer-padding\">\n<div class=\"footer__content-top page-width\">\n<div class=\"footer-block--newsletter scroll-trigger animate--slide-in\" data-cascade=\"\">\n<div class=\"footer-block__newsletter\">\n<h2><strong>A webshop \u00fczemeltet\u00e9se sor\u00e1n v\u00e9gzett adatkezel\u00e9sek le\u00edr\u00e1sa<\/strong><\/h2>\n<h2 class=\"footer-block__heading inline-richtext\"><span>A jelen dokumentum a webshop m\u0171k\u00f6d\u00e9s\u00e9vel kapcsolatban minden relev\u00e1ns adatkezel\u00e9si inform\u00e1ci\u00f3t tartalmaz az Eur\u00f3pai Uni\u00f3 2016\/679 sz\u00e1m\u00fa \u00c1ltal\u00e1nos Adatv\u00e9delmi Rendelete (a tov\u00e1bbiakban: Rendelet, GDPR) \u00e9s a 2011. \u00e9vi CXII. tv. (a tov\u00e1bbiakban: Infotv.) alapj\u00e1n.<\/span><\/h2>\n<div id=\"at2\" class=\"preview_anchor\">\n<h2><strong>A szerz\u0151d\u00e9sk\u00f6t\u00e9s \u00e9s teljes\u00edt\u00e9s \u00e9rdek\u00e9ben kezelt adatok<\/strong><\/h2>\n<p>A szerz\u0151d\u00e9sk\u00f6t\u00e9s \u00e9s teljes\u00edt\u00e9s \u00e9rdek\u00e9ben t\u00f6bb adatkezel\u00e9si eset is megval\u00f3sulhat. T\u00e1j\u00e9koztatjuk, hogy panaszkezel\u00e9ssel, garanci\u00e1lis \u00fcgyint\u00e9z\u00e9ssel kapcsolatos adatkezel\u00e9s csak abban az esetben val\u00f3sul meg, ha \u00d6n \u00e9l valamelyik eml\u00edtett jog\u00e1val.<\/p>\n<p>Amennyiben a webshopon kereszt\u00fcl \u00d6n nem v\u00e1s\u00e1rol, csak l\u00e1togat\u00f3ja a webshopnak, akkor a marketing c\u00e9l\u00fa adatkezel\u00e9sn\u00e9l \u00edrtak vonatkozhatnak \u00d6nre, amennyiben marketing c\u00e9l\u00fa hozz\u00e1j\u00e1rul\u00e1st ad sz\u00e1munkra.<\/p>\n<p>A szerz\u0151d\u00e9sk\u00f6t\u00e9s \u00e9s teljes\u00edt\u00e9s \u00e9rdek\u00e9ben megval\u00f3sul\u00f3 adatkezel\u00e9sek r\u00e9szletesebben:<\/p>\n<h2>Kapcsolatfelv\u00e9tel<\/h2>\n<p>Ha p\u00e9ld\u00e1ul emailben, kapcsolatfelv\u00e9teli \u0171rlapon, vagy telefonon k\u00e9rd\u00e9ssel fordul hozz\u00e1nk valamely term\u00e9kkel kapcsolatban. Az el\u0151zetes kapcsolatfelv\u00e9tel nem k\u00f6telez\u0151, ezt kihagyva is b\u00e1rmikor rendelhet a webshopb\u00f3l.<\/p>\n<p>&nbsp;<\/p>\n<p><strong>Kezelt adatok<\/strong><br \/><span class=\"inserted_var\">Az \u00d6n \u00e1ltal a kapcsolatfelv\u00e9tel sor\u00e1n megadott adatok.<\/span><\/p>\n<p>&nbsp;<\/p>\n<p><strong>Az adatkezel\u00e9s id\u0151tartama<\/strong><br \/><span class=\"inserted_var\">Az adatokat csak a kapcsolatfelv\u00e9tel lez\u00e1rult\u00e1ig kezelj\u00fck.<\/span><\/p>\n<p>&nbsp;<\/p>\n<p><strong>Az adatkezel\u00e9s jogalapja<\/strong><br \/>Az \u00d6n \u00f6nk\u00e9ntes hozz\u00e1j\u00e1rul\u00e1sa, amit a kapcsolatfelv\u00e9tellel ad meg Adatkezel\u0151 sz\u00e1m\u00e1ra. [Rendelet 6. cikk (1) bekezd\u00e9s a) pont szerinti adatkezel\u00e9s]<\/p>\n<h2>A rendel\u00e9s feldolgoz\u00e1sa<\/h2>\n<p>A rendel\u00e9sek feldolgoz\u00e1sa sor\u00e1n a szerz\u0151d\u00e9s teljes\u00edt\u00e9se \u00e9rdek\u00e9ben sz\u00fcks\u00e9gesek adatkezel\u00e9si tev\u00e9kenys\u00e9gek.<\/p>\n<p>&nbsp;<\/p>\n<p><strong>Kezelt adatok<\/strong><br \/><span class=\"inserted_var\">Az adatkezel\u00e9s sor\u00e1n az Adatkezel\u0151 az \u00d6n nev\u00e9t, lakc\u00edm\u00e9t, telefonsz\u00e1m\u00e1t, e-mail c\u00edm\u00e9t, a megv\u00e1s\u00e1rolt \u00c1ru jellemz\u0151it, a megrendel\u00e9s sz\u00e1m\u00e1t \u00e9s a v\u00e1s\u00e1rl\u00e1s id\u0151pontj\u00e1t kezeli.<\/span><\/p>\n<p>Amennyiben \u00d6n rendel\u00e9st adott le a webshopban, akkor az adatkezel\u00e9s \u00e9s az adatok megad\u00e1sa a szerz\u0151d\u00e9s teljes\u00edt\u00e9s\u00e9hez elengedhetetlen.<\/p>\n<p>&nbsp;<\/p>\n<p><strong>Az adatkezel\u00e9s id\u0151tartama<\/strong><br \/><span class=\"inserted_var\">Az adatokat a polg\u00e1ri jogi el\u00e9v\u00fcl\u00e9si id\u0151 szerint 5 \u00e9vig kezelj\u00fck.<\/span><\/p>\n<p>&nbsp;<\/p>\n<p><strong>Az adatkezel\u00e9s jogalapja<\/strong><br \/>A szerz\u0151d\u00e9s teljes\u00edt\u00e9se. [Rendelet 6. cikk (1) bekezd\u00e9s b) pont szerinti adatkezel\u00e9s]<\/p>\n<h2>A sz\u00e1mla ki\u00e1ll\u00edt\u00e1sa<\/h2>\n<p>Az adatkezel\u00e9si folyamat a jogszab\u00e1lyoknak megfelel\u0151 sz\u00e1mla ki\u00e1ll\u00edt\u00e1sa \u00e9s a sz\u00e1mviteli bizonylat-meg\u0151rz\u00e9si k\u00f6telezetts\u00e9g teljes\u00edt\u00e9se \u00e9rdek\u00e9ben t\u00f6rt\u00e9nik. Az Sztv. 169. \u00a7 (1)-(2) bekezd\u00e9se alapj\u00e1n a gazdas\u00e1gi t\u00e1rsas\u00e1goknak a k\u00f6nyvviteli elsz\u00e1mol\u00e1st k\u00f6zvetlen\u00fcl \u00e9s k\u00f6zvetetten al\u00e1t\u00e1maszt\u00f3 sz\u00e1mviteli bizonylatot meg kell \u0151rizni\u00fck.<\/p>\n<p>&nbsp;<\/p>\n<p><strong>Kezelt adatok<\/strong><br \/><span class=\"inserted_var\"><\/span><\/p>\n<p>N\u00e9v, c\u00edm, e-mail c\u00edm, telefonsz\u00e1m.<\/p>\n<h4 id=\"sz\u00e1ml\u00e1z\u00e1ssal-\u00f6sszef\u00fcgg\u00f5-adatfeldolgoz\u00e1s\">Sz\u00e1ml\u00e1z\u00e1ssal \u00f6sszef\u00fcgg\u00f5 adatfeldolgoz\u00e1s:<\/h4>\n<ul>\n<li>Adatfeldolgoz\u00f3 neve: Octonull Kft &#8211; Billingo<\/li>\n<li>Sz\u00e9khelye: 1085 Budapest, J\u00f3zsef k\u00f6r\u00fat 74. I. em. 6.<\/li>\n<li>Ad\u00f3sz\u00e1m: 25073364-2-42<\/li>\n<li>C\u00e9gjegyz\u00e9k sz\u00e1m: 01-09-1981177,<\/li>\n<li>Levelez\u00e9si c\u00edm: 8230 Balatonf\u00fcred J\u00f3kai u 5.<\/li>\n<li>Adatfeldolgoz\u00e1s helye: 8230 Balatonf\u00fcred J\u00f3kai u 5.<\/li>\n<li>E-mail c\u00edm: hello@billingo.hu<\/li>\n<li>Telefonsz\u00e1m: +36 70 904 5287<\/li>\n<\/ul>\n<p>Az adatfeldolgoz\u00f3 az adatkezel\u00f5vel \u00edr\u00e1sbeli szerz\u00f5d\u00e9sben meghat\u00e1rozott m\u00f3don k\u00f6zrem\u00fbk\u00f6dik a sz\u00e1mla ki\u00e1ll\u00edt\u00e1s\u00e1ban. A sz\u00e1mla ki\u00e1ll\u00edt\u00e1s\u00e1hoz sz\u00fcks\u00e9ges szem\u00e9lyes adatokat vev\u00f5 neve, c\u00edme, az adatfeldolgoz\u00f3 az \u00c9rintett adatit a 2000. \u00e9vi C. t\u00f6rv\u00e9ny 169. \u00a7 alapj\u00e1n legal\u00e1bb 8 \u00e9vig k\u00f6teles meg\u00f5rizni.<\/p>\n<h4 id=\"sz\u00e1mla-t\u00e1rol\u00e1s\u00e1val-\u00f6sszef\u00fcgg\u00f5-adatfeldolgoz\u00e1s\">Sz\u00e1mla t\u00e1rol\u00e1s\u00e1val \u00f6sszef\u00fcgg\u00f5 adatfeldolgoz\u00e1s:<\/h4>\n<ul>\n<li>Adatfeldolgoz\u00f3 neve: Octonull Kft &#8211; Billingo<\/li>\n<li>Sz\u00e9khelye: 1085 Budapest, J\u00f3zsef k\u00f6r\u00fat 74. I. em. 6.<\/li>\n<li>Ad\u00f3sz\u00e1m: 25073364-2-42<\/li>\n<li>C\u00e9gjegyz\u00e9k sz\u00e1m: 01-09-1981177,<\/li>\n<li>Levelez\u00e9si c\u00edm: 8230 Balatonf\u00fcred J\u00f3kai u 5.<\/li>\n<li>Adatfeldolgoz\u00e1s helye: 8230 Balatonf\u00fcred J\u00f3kai u 5.<\/li>\n<li>E-mail c\u00edm: hello@billingo.hu<\/li>\n<li>Telefonsz\u00e1m: +36 70 904 5287<\/li>\n<\/ul>\n<p>&nbsp;<\/p>\n<p>&nbsp;<\/p>\n<p><strong>Az adatkezel\u00e9s id\u0151tartama<\/strong><br \/>A ki\u00e1ll\u00edtott sz\u00e1ml\u00e1kat az Sztv. 169. \u00a7 (2) bekezd\u00e9se alapj\u00e1n a sz\u00e1mla ki\u00e1ll\u00edt\u00e1s\u00e1t\u00f3l sz\u00e1m\u00edtott 8 \u00e9vig meg kell \u0151rizni.<\/p>\n<p>&nbsp;<\/p>\n<p><strong>Az adatkezel\u00e9s jogalapja<\/strong><br \/>Az \u00e1ltal\u00e1nos forgalmi ad\u00f3r\u00f3l sz\u00f3l\u00f3 2007. \u00e9vi CXXVII. 159. \u00a7 (1) bekezd\u00e9se alapj\u00e1n a sz\u00e1mla kibocs\u00e1t\u00e1sa k\u00f6telez\u0151 \u00e9s azt sz\u00e1mvitelr\u0151l sz\u00f3l\u00f3 2000. \u00e9vi C. t\u00f6rv\u00e9ny 169. \u00a7 (2) bekezd\u00e9se alapj\u00e1n 8 \u00e9vig kell meg\u0151rizni [Rendelet 6. cikk (1) bekezd\u00e9s c) pont szerinti adatkezel\u00e9s].<\/p>\n<h2>Az \u00e1rusz\u00e1ll\u00edt\u00e1shoz kapcsol\u00f3d\u00f3 adatkezel\u00e9s<\/h2>\n<p>Az adatkezel\u00e9si folyamat a megrendelt term\u00e9k kisz\u00e1ll\u00edt\u00e1sa \u00e9rdek\u00e9ben t\u00f6rt\u00e9nik.<\/p>\n<p>&nbsp;<\/p>\n<p><strong>Kezelt adatok<\/strong><br \/><span class=\"inserted_var\"><\/span><\/p>\n<p>N\u00e9v, c\u00edm, e-mail c\u00edm, telefonsz\u00e1m.<\/p>\n<h4 id=\"sz\u00e1ll\u00edt\u00e1ssal-\u00f6sszef\u00fcgg\u00f5-adatfeldolgoz\u00f3\">Sz\u00e1ll\u00edt\u00e1ssal \u00f6sszef\u00fcgg\u00f5 adatfeldolgoz\u00f3:<\/h4>\n<ul>\n<li>Adatfeldolgoz\u00f3 neve:<strong><span> Noblehunt Kft.<\/span><\/strong><\/li>\n<li>Sz\u00e9khelye: <span>3264 Kisn\u00e1na, B\u00e9ke u 43.<\/span><\/li>\n<li>Ad\u00f3sz\u00e1m: <span>27768592-2-10<\/span><\/li>\n<li>C\u00e9gjegyz\u00e9ksz\u00e1m: <span>10-09-039300<\/span><\/li>\n<li>Levelez\u00e9si c\u00edm: <span>3264 Kisn\u00e1na, B\u00e9ke u 43.<\/span><\/li>\n<li>Adatfeldolgoz\u00e1s helye: <span>3264 Kisn\u00e1na, B\u00e9ke u 43.<\/span><\/li>\n<li>E-mail c\u00edm: support@kvikk.hu<\/li>\n<li>Telefonsz\u00e1m: +36307383761<\/li>\n<\/ul>\n<p>Az adatfeldolgoz\u00f3 az adatkezel\u00f5vel \u00edr\u00e1sbeli szerz\u00f5d\u00e9sben meghat\u00e1rozott m\u00f3don k\u00f6zrem\u00fbk\u00f6dik a megrendelt term\u00e9k sz\u00e1ll\u00edt\u00e1s\u00e1ban. A term\u00e9k sz\u00e1ll\u00edt\u00e1s\u00e1hoz sz\u00fcks\u00e9ges szem\u00e9lyes adatokat vev\u00f5 neve, c\u00edme, telefonsz\u00e1ma az adatfeldolgoz\u00f3 a kisz\u00e1ll\u00edt\u00e1s id\u00f5tartalm\u00e1ig kezelheti, ezt k\u00f6vet\u00f5en halad\u00e9ktalanul t\u00f6rli.<\/p>\n<p>&nbsp;<\/p>\n<p>&nbsp;<\/p>\n<p><strong>Az adatkezel\u00e9s id\u0151tartama<\/strong><br \/><span class=\"inserted_var\">Az Adatkezel\u0151 az adatokat a megrendelt \u00e1ru kisz\u00e1ll\u00edt\u00e1s\u00e1nak id\u0151tartam\u00e1ig kezeli.<\/span><\/p>\n<p>&nbsp;<\/p>\n<p><strong>Az adatkezel\u00e9s jogalapja<\/strong><br \/>Szerz\u0151d\u00e9s teljes\u00edt\u00e9se [Rendelet 6. cikk (1) bekezd\u00e9s b) pont szerinti adatkezel\u00e9s].<\/p>\n<h3>Az \u00e1rusz\u00e1ll\u00edt\u00e1shoz kapcsol\u00f3d\u00f3 adatkezel\u00e9sek c\u00edmzettjei, adatfeldolgoz\u00f3i<\/h3>\n<p><strong>A c\u00edmzett megnevez\u00e9se:<\/strong><span>\u00a0<\/span><span class=\"inserted_var\">Magyar Posta Z\u00e1rtk\u00f6r\u0171en M\u0171k\u00f6d\u0151 R\u00e9szv\u00e9nyt\u00e1rsas\u00e1g<\/span><\/p>\n<p><strong>A c\u00edmzett sz\u00e9khelye:<\/strong><span>\u00a0<\/span><span class=\"inserted_var\">1138 Budapest, Dunavir\u00e1g utca 2-6.<\/span><\/p>\n<p><strong>A c\u00edmzett telefonsz\u00e1ma:<\/strong><span>\u00a0<\/span><span class=\"inserted_var\">+36-1\/767-8200<\/span><\/p>\n<p><strong>A c\u00edmzett e-mail c\u00edme:<\/strong><span>\u00a0<\/span><span class=\"inserted_var\">ugyfelszolgalat@posta.hu<\/span><\/p>\n<p><strong>A c\u00edmzett weboldala:\u00a0<\/strong><span class=\"inserted_var\">posta.hu<\/span><\/p>\n<p>&nbsp;<\/p>\n<p class=\"justify\">A fut\u00e1rszolg\u00e1lat az Adatkezel\u0151vel k\u00f6t\u00f6tt szerz\u0151d\u00e9s alapj\u00e1n k\u00f6zrem\u0171k\u00f6dik a megrendelt \u00e1ru kisz\u00e1ll\u00edt\u00e1s\u00e1ban. A fut\u00e1rszolg\u00e1lat a megkapott szem\u00e9lyes adatokat a weboldal\u00e1n el\u00e9rhet\u0151 adatkezel\u00e9si t\u00e1j\u00e9koztat\u00f3ban foglaltak szerint kezeli.<\/p>\n<p>&nbsp;<\/p>\n<p><strong>A c\u00edmzett megnevez\u00e9se:<\/strong><span> Packeta Hungary Kft<\/span><\/p>\n<p><strong>A c\u00edmzett sz\u00e9khelye:<\/strong><span> 1044 Budapest, Ezred utca 1-3. B2\/11. \u00e9p<\/span><\/p>\n<p><strong>A c\u00edmzett telefonsz\u00e1ma:<\/strong><span> +3614008806<\/span><\/p>\n<p><strong>A c\u00edmzett e-mail c\u00edme:<\/strong><span>\u00a0<\/span><span class=\"inserted_var\">info@gls-hungary.com<\/span><\/p>\n<p><strong>A c\u00edmzett weboldala:\u00a0<\/strong><a href=\"https:\/\/www.packeta.hu\/kapcsolat\"><span class=\"inserted_var\">https:\/\/packeta.hu\/<\/span><\/a><\/p>\n<p>&nbsp;<\/p>\n<p>&nbsp;<\/p>\n<h2>Egy\u00e9b fogyaszt\u00f3v\u00e9delmi panaszok kezel\u00e9se<\/h2>\n<p>Az adatkezel\u00e9si folyamat a fogyaszt\u00f3v\u00e9delmi panaszok kezel\u00e9se \u00e9rdek\u00e9ben t\u00f6rt\u00e9nik. Amennyiben \u00d6n panasszal fordult hozz\u00e1nk, akkor az adatkezel\u00e9s \u00e9s az adatok megad\u00e1sa elengedhetetlen.<\/p>\n<p>&nbsp;<\/p>\n<p><strong>Kezelt adatok<\/strong><br \/><span class=\"inserted_var\">V\u00e1s\u00e1rl\u00f3 neve, telefonsz\u00e1ma, email c\u00edme, panasz tartalma.<\/span><\/p>\n<p>&nbsp;<\/p>\n<p><strong>Az adatkezel\u00e9s id\u0151tartama<\/strong><br \/><span class=\"inserted_var\">A fogyaszt\u00f3v\u00e9delmi panaszokat a fogyaszt\u00f3v\u00e9delemr\u0151l sz\u00f3l\u00f3 t\u00f6rv\u00e9ny alapj\u00e1n 3 \u00e9vig \u0151rizz\u00fck meg.<\/span><\/p>\n<p>&nbsp;<\/p>\n<p><strong>Az adatkezel\u00e9s jogalapja<\/strong><br \/>Az, hogy hozz\u00e1nk fordul-e panasszal az \u00d6n \u00f6nk\u00e9ntes d\u00f6nt\u00e9se, azonban ha hozz\u00e1nk fordul, a fogyaszt\u00f3v\u00e9delemr\u0151l sz\u00f3l\u00f3 1997. \u00e9vi CLV. t\u00f6rv\u00e9ny 17\/A. \u00a7 (7) bekezd\u00e9se alapj\u00e1n 3 \u00e9vig k\u00f6teles vagyunk a panaszt meg\u0151rizni [Rendelet 6. cikk (1) bekezd\u00e9s c) pont szerinti adatkezel\u00e9s].<\/p>\n<h2><strong>Marketing c\u00e9l\u00fa adatkezel\u00e9sek<\/strong><\/h2>\n<h2>A h\u00edrlev\u00e9l-k\u00fcld\u00e9ssel kapcsolatos adatkezel\u00e9s<\/h2>\n<p>Az adatkezel\u00e9si folyamat a h\u00edrlevelek kik\u00fcld\u00e9se \u00e9rdek\u00e9ben t\u00f6rt\u00e9nik.<\/p>\n<p>&nbsp;<\/p>\n<p><strong>Kezelt adatok<\/strong><br \/><span class=\"inserted_var\">N\u00e9v, c\u00edm, e-mail c\u00edm, telefonsz\u00e1m.<\/span><\/p>\n<p>&nbsp;<\/p>\n<p><strong>Az adatkezel\u00e9s id\u0151tartama<\/strong><br \/><span class=\"inserted_var\">Az \u00e9rintett hozz\u00e1j\u00e1rul\u00e1s\u00e1nak visszavon\u00e1s\u00e1ig.<\/span><\/p>\n<p>&nbsp;<\/p>\n<p><strong>Az adatkezel\u00e9s jogalapja<\/strong><br \/>Az \u00d6n \u00f6nk\u00e9ntes hozz\u00e1j\u00e1rul\u00e1sa, ami a h\u00edrlev\u00e9lre t\u00f6rt\u00e9n\u0151 feliratkoz\u00e1ssal ad meg az Adatkezel\u0151 sz\u00e1m\u00e1ra [Rendelet 6. cikk (1) bekezd\u00e9s a) pont szerinti adatkezel\u00e9s]<\/p>\n<h2>Remarketing<\/h2>\n<p>Az adatkezel\u00e9s mint remarketing tev\u00e9kenys\u00e9g cookie-k seg\u00edts\u00e9g\u00e9vel val\u00f3sul meg.<\/p>\n<p>&nbsp;<\/p>\n<p><strong>Kezelt adatok<\/strong><br \/><span class=\"inserted_var\">A cookie t\u00e1j\u00e9koztat\u00f3ban meghat\u00e1rozott cookiek \u00e1ltal kezelt adatok.<\/span><\/p>\n<p>&nbsp;<\/p>\n<p><strong>Az adatkezel\u00e9s id\u0151tartama<\/strong><br \/>Az adott cookie adatt\u00e1rol\u00e1si id\u0151tartama, b\u0151vebb inform\u00e1ci\u00f3 el\u00e9rhet\u0151 itt:<\/p>\n<p>Google \u00e1ltal\u00e1nos cookie t\u00e1j\u00e9koztat\u00f3:<br \/><a href=\"https:\/\/www.google.com\/policies\/technologies\/types\/\">https:\/\/www.google.com\/policies\/technologies\/types\/<\/a><\/p>\n<p>&nbsp;<\/p>\n<p>Google Analitycs t\u00e1j\u00e9koztat\u00f3:<br \/><a href=\"https:\/\/developers.google.com\/analytics\/devguides\/collection\/analyticsjs\/cookie-usage?hl=hu\">https:\/\/developers.google.com\/analytics\/devguides\/collection\/analyticsjs\/cookie-usage?hl=hu<\/a><\/p>\n<p>&nbsp;<\/p>\n<p>Facebook t\u00e1j\u00e9koztat\u00f3:<br \/><a href=\"https:\/\/www.facebook.com\/ads\/preferences\/?entry_product=ad_settings_screen\">https:\/\/www.facebook.com\/ads\/preferences\/?entry_product=ad_settings_screen<\/a><\/p>\n<p>&nbsp;<\/p>\n<p><strong>Az adatkezel\u00e9s jogalapja<\/strong><br \/>Az \u00d6n \u00f6nk\u00e9ntes hozz\u00e1j\u00e1rul\u00e1sa, amit a honlap haszn\u00e1lat\u00e1val ad meg az Adatkezel\u0151 sz\u00e1m\u00e1ra [Rendelet 6. cikk (1) bekezd\u00e9s a) pont szerinti adatkezel\u00e9s].<\/p>\n<h2>Tov\u00e1bbi adatkezel\u00e9sek<\/h2>\n<p>Amennyiben az Adatkezel\u0151 tov\u00e1bbi adatkezel\u00e9st k\u00edv\u00e1n v\u00e9gezni, akkor el\u0151zetes t\u00e1j\u00e9koztatat\u00e1st ny\u00fajt az adatkezel\u00e9s l\u00e9nyeges k\u00f6r\u00fclm\u00e9nyeir\u0151l (adatkezel\u00e9s jogszab\u00e1lyi h\u00e1ttere \u00e9s jogalapja, az adatkezel\u00e9s c\u00e9lja, a kezelt adatok k\u00f6re, az adatkezel\u00e9s id\u0151tartama).<\/p>\n<\/div>\n<div id=\"at11\" class=\"preview_anchor\">\n<h2>A szem\u00e9lyes adatok c\u00edmzettjei<\/h2>\n<h2>A szem\u00e9lyes adatok t\u00e1rol\u00e1s\u00e1ra ir\u00e1nyul\u00f3 adatfeldolgoz\u00e1s<\/h2>\n<p><strong>Az adatfeldolgoz\u00f3 megnevez\u00e9se:<\/strong> Bubblestorm Management (Pty) Ltd<\/p>\n<p><span class=\"inserted_var\"><\/span><strong>Az adatfeldolgoz\u00f3 el\u00e9rhet\u0151s\u00e9gei:<\/strong><\/p>\n<p><strong>Telefonsz\u00e1m:<\/strong><span>\u00a0<\/span><\/p>\n<p><strong>E-mail c\u00edm:<\/strong><span> support@woocommerce.com<\/span><\/p>\n<p><strong>Sz\u00e9khely:<\/strong><span><\/span><\/p>\n<ul class=\"list-type-none XL-12\">\n<li class=\"font-weight-normal font-color-black ellipsis-XL\" title=\"60 29th Street\">60 29th Street<\/li>\n<li class=\"font-weight-normal font-color-black ellipsis-XL\" title=\"Suite 343\">Suite 343<\/li>\n<li class=\"font-weight-normal font-color-black ellipsis-XL\" title=\"San Francisco, CA 94110\">San Francisco, CA 94110<\/li>\n<li class=\"font-weight-normal font-color-black ellipsis-XL\" title=\"United States\">United States<\/li>\n<\/ul>\n<p><strong>Weboldal:<\/strong><span>\u00a0<\/span><span class=\"inserted_var\">www.woocommerce.com<\/span><\/p>\n<p>Az Adatfeldolgoz\u00f3 az Adatkezel\u0151vel k\u00f6t\u00f6tt szerz\u0151d\u00e9s alapj\u00e1n a szem\u00e9lyes adatok t\u00e1rol\u00e1s\u00e1t v\u00e9gzi. A szem\u00e9lyes adatok megismer\u00e9s\u00e9re nem jogosult.<\/p>\n<p>&nbsp;<\/p>\n<p>Az Adatfeldolgoz\u00f3 az Adatkezel\u0151vel k\u00f6t\u00f6tt szerz\u0151d\u00e9s alapj\u00e1n k\u00f6zrem\u0171k\u00f6dik a h\u00edrlevelek kik\u00fcld\u00e9s\u00e9ben. Ennek sor\u00e1n az Adatfeldolgoz\u00f3 az \u00e9rintett nev\u00e9t \u00e9s e-mail c\u00edm\u00e9t a h\u00edrlev\u00e9lk\u00fcd\u00e9shez sz\u00fcks\u00e9ges m\u00e9rt\u00e9kben kezeli.<\/p>\n<h2>Sz\u00e1ml\u00e1z\u00e1ssal kapcsolatos adatfeldolgoz\u00e1s<\/h2>\n<p><strong>Az adatfeldolgoz\u00f3 megnevez\u00e9se:<\/strong><span> KBOSS.hu Kft.<\/span><\/p>\n<p><strong>Az adatfeldolgoz\u00f3 sz\u00e9khelye:<\/strong><span> 1031 Budapest, Z\u00e1hony utca 7\/D.<\/span><\/p>\n<p><strong>Az adatfeldolgoz\u00f3 telefonsz\u00e1ma:<\/strong>\u00a0<span>\u00a0<\/span><\/p>\n<p><strong>Az adatfeldolgoz\u00f3 e-mail c\u00edme:<\/strong><span> info@szamlazz.hu<\/span><\/p>\n<p><strong>Az adatfeldolgoz\u00f3\u00a0weboldala:<\/strong><span>\u00a0<\/span><span class=\"inserted_var\">www.szamlazz.hu<\/span><\/p>\n<p>Az Adatfeldolgoz\u00f3 az Adatkezel\u0151vel k\u00f6t\u00f6tt szerz\u0151d\u00e9s alapj\u00e1n k\u00f6zrem\u0171k\u00f6dik a sz\u00e1mviteli bizonylatok nyilv\u00e1ntart\u00e1s\u00e1ban. Ennek sor\u00e1n az Adatfeldolgoz\u00f3 az \u00e9rintett nev\u00e9t \u00e9s c\u00edm\u00e9t a sz\u00e1mviteli nyilv\u00e1ntart\u00e1shoz sz\u00fcks\u00e9ges m\u00e9rt\u00e9kben, a Sztv. 169. \u00a7 (2) bekezd\u00e9s\u00e9nek megfelel\u0151 id\u0151tartamban kezeli, ezt k\u00f6vet\u0151en t\u00f6rli.<\/p>\n<h2>Az online fizet\u00e9ssel kapcsolatos adatkezel\u00e9s<\/h2>\n<p><strong>Az adatkezel\u0151 megnevez\u00e9se:<\/strong>\u00a0<span class=\"inserted_var\">Stripe Inc.<\/span><\/p>\n<p><strong>Az adatkezel\u0151 sz\u00e9khelye:\u00a0<\/strong><span class=\"inserted_var\">354 Oyster Point Boulevard, San Francisco, California, 94080<\/span><\/p>\n<p><strong>Az adatkezel\u0151 telefonsz\u00e1ma:<\/strong>\u00a0<\/p>\n<p><strong>Az adatkezel\u0151 e-mail c\u00edme:\u00a0<\/strong><\/p>\n<p><strong>Az adatkezel\u0151 weboldala:\u00a0<\/strong><span class=\"inserted_var\">www.stripe.com<\/span><\/p>\n<p>A fizet\u00e9si szolg\u00e1ltat\u00f3 az Adatkezel\u0151vel k\u00f6t\u00f6tt szerz\u0151d\u00e9s alapj\u00e1n k\u00f6zrem\u0171k\u00f6dik az Online fizet\u00e9s v\u00e9grehajt\u00e1s\u00e1ban, amely \u00e9rdek\u00e9ben a v\u00e1s\u00e1rl\u00e1si folyamat sor\u00e1n adattov\u00e1bb\u00edt\u00e1s val\u00f3sul meg az online fizet\u00e9si szolg\u00e1ltat\u00f3 fel\u00e9. Ennek sor\u00e1n az az online fizet\u00e9si szolg\u00e1ltat\u00f3 az \u00e9rintett sz\u00e1ml\u00e1z\u00e1si nev\u00e9t nev\u00e9t \u00e9s c\u00edm\u00e9t, a rendel\u00e9s sz\u00e1m\u00e1t \u00e9s id\u0151pontj\u00e1t saj\u00e1t adatkezel\u00e9si szab\u00e1lyai szerint kezeli.<\/p>\n<p>Az adattov\u00e1bb\u00edt\u00e1s c\u00e9lja: az online fizet\u00e9si szolg\u00e1ltat\u00f3 sz\u00e1m\u00e1ra a v\u00e1s\u00e1rl\u00e1shoz kapcsol\u00f3d\u00f3, n\u00e1la kezdem\u00e9nyezett fizet\u00e9si m\u0171velethez sz\u00fcks\u00e9ges tranzakci\u00f3s adatok biztos\u00edt\u00e1sa.<\/p>\n<p>Az adattov\u00e1bb\u00edt\u00e1s jogalapja: a Rendelet 6. cikk (1) bekezd\u00e9s b) pontja alapj\u00e1n az \u00d6n \u00e9s Adatkezel\u0151 k\u00f6z\u00f6tt l\u00e9trej\u00f6tt szerz\u0151d\u00e9s teljes\u00edt\u00e9se, amelynek r\u00e9sze a fizet\u00e9s a v\u00e1s\u00e1rl\u00f3 r\u00e9sz\u00e9r\u0151l, online fizet\u00e9s eset\u00e9n pedig a fizet\u00e9shez a jelen pont szerinti adattov\u00e1bb\u00edt\u00e1s sz\u00fcks\u00e9ges<\/p>\n<\/div>\n<div id=\"at14\" class=\"preview_anchor\">\n<h2>Az adatkezel\u00e9s sor\u00e1n \u00d6nt megillet\u0151 jogok<\/h2>\n<p>Az adatkezel\u00e9s id\u0151tartam\u00e1n bel\u00fcl \u00d6nt a Rendelet el\u0151\u00edr\u00e1sai szerint az al\u00e1bbi jogok illetik meg:<\/p>\n<ul>\n<li>a hozz\u00e1j\u00e1rul\u00e1s visszavon\u00e1s\u00e1nak joga<\/li>\n<li>szem\u00e9lyes adatokhoz \u00e9s az adatkezel\u00e9ssel kapcsolatos inform\u00e1ci\u00f3khoz val\u00f3 hozz\u00e1f\u00e9r\u00e9s<\/li>\n<li>helyesb\u00edt\u00e9shez val\u00f3 jog<\/li>\n<li>adatkezel\u00e9s korl\u00e1toz\u00e1sa,<\/li>\n<li>t\u00f6rl\u00e9shez val\u00f3 jog<\/li>\n<li>tiltakoz\u00e1shoz val\u00f3 jog<\/li>\n<li>hordozhat\u00f3s\u00e1ghoz val\u00f3 jog.<\/li>\n<\/ul>\n<p>Amennyiben \u00d6n a jogaival \u00e9lni k\u00edv\u00e1n, az az \u00d6n azonos\u00edt\u00e1s\u00e1val j\u00e1r egy\u00fctt, valamint az Adatkezel\u0151nek \u00d6nnel sz\u00fcks\u00e9gszer\u0171en kommunik\u00e1lnia kell. Ez\u00e9rt az azonos\u00edt\u00e1s \u00e9rdek\u00e9ben szem\u00e9lyes adatok megad\u00e1s\u00e1ra lesz sz\u00fcks\u00e9g (de az azonos\u00edt\u00e1s csak olyan adaton alapulhat, amelyet Adatkezel\u0151 egy\u00e9bk\u00e9nt is kezel \u00d6nr\u0151l), valamint az Adatkezel\u0151 email fi\u00f3kj\u00e1ban el\u00e9rhet\u0151ek lesz az \u00d6n adatkezel\u00e9ssel kapcsolatos panaszai a jelen t\u00e1j\u00e9koztat\u00f3ban, a panaszokkal kapcsolatban megjel\u00f6lt id\u0151tartamon bel\u00fcl. Amennyiben \u00d6n v\u00e1s\u00e1rl\u00f3nk volt \u00e9s panasz\u00fcgyint\u00e9z\u00e9s, vagy garanci\u00e1lis \u00fcgyint\u00e9z\u00e9s \u00e9rdek\u00e9ben szeretn\u00e9 mag\u00e1t azonos\u00edtani, az azonos\u00edt\u00e1shoz k\u00e9rj\u00fck adja meg rendel\u00e9si azonos\u00edt\u00f3j\u00e1t is. Ennek felhaszn\u00e1l\u00e1s\u00e1val \u00d6nt, mint v\u00e1s\u00e1rl\u00f3t is be tudjuk azonos\u00edtani.<\/p>\n<p>Az adatkezel\u00e9ssel kapcsolatos panaszokat legk\u00e9s\u0151bb 30 napon bel\u00fcl v\u00e1laszolja meg Adatkezel\u0151.<\/p>\n<h4><strong>A hozz\u00e1j\u00e1rul\u00e1s visszavon\u00e1s\u00e1nak joga<\/strong><\/h4>\n<p>\u00d6n b\u00e1rmikor jogosult az adatkezel\u00e9shez adott hozz\u00e1j\u00e1rul\u00e1st visszavonni, ilyen esetben a megadott adatokat rendszereinkb\u0151l t\u00f6r\u00f6lj\u00fck. K\u00e9rj\u00fck azonban vegye figyelembe, hogy a m\u00e9g nem teljes\u00edtett megrendel\u00e9s eset\u00e9n a visszavon\u00e1s azzal a k\u00f6vetkezm\u00e9nnyel j\u00e1rhat, hogy nem tudjuk \u00d6n fel\u00e9 teljes\u00edteni a kisz\u00e1ll\u00edt\u00e1st. Emellett, ha a v\u00e1s\u00e1rl\u00e1s m\u00e1r megval\u00f3sult, a sz\u00e1mviteli el\u0151\u00edr\u00e1sok alapj\u00e1n a sz\u00e1ml\u00e1z\u00e1ssal kapcsolatos adatokat nem t\u00f6r\u00f6lhetj\u00fck rendszereinkb\u0151l, valamint ha \u00d6nnek tartoz\u00e1sa \u00e1ll fenn fel\u00e9nk, akkor a k\u00f6vetel\u00e9s behajt\u00e1s\u00e1val kapcsolatos jogos \u00e9rdek alapj\u00e1n adatait a hozz\u00e1j\u00e1rul\u00e1s visszavon\u00e1sa eset\u00e9n is kezelhetj\u00fck.<\/p>\n<h4><strong>A szem\u00e9lyes adatokhoz val\u00f3 hozz\u00e1f\u00e9r\u00e9s<\/strong><\/h4>\n<p>\u00d6n jogosult arra, hogy az Adatkezel\u0151t\u0151l visszajelz\u00e9st kapjon arra vonatkoz\u00f3an, hogy szem\u00e9lyes adatainak kezel\u00e9se folyamatban van-e, \u00e9s ha adatkezel\u00e9s folyamatban van, jogosult arra, hogy:<\/p>\n<ul>\n<li>a kezelt szem\u00e9lyes adatokhoz hozz\u00e1f\u00e9r\u00e9st kapjon \u00e9s<\/li>\n<li>a k\u00f6vetkez\u0151 inform\u00e1ci\u00f3kr\u00f3l az Adatkezel\u0151 t\u00e1j\u00e9koztassa:\n<ul>\n<li>az adatkezel\u00e9s c\u00e9ljai;<\/li>\n<li>az \u00d6nr\u0151l kezelt szem\u00e9lyes adatok kateg\u00f3ri\u00e1i;<\/li>\n<li>inform\u00e1ci\u00f3 azon c\u00edmzettekr\u0151l vagy c\u00edmzettek kateg\u00f3ri\u00e1ir\u00f3l, akikkel, illetve amelyekkel a szem\u00e9lyes adatokat az Adatkezel\u0151 k\u00f6z\u00f6lte vagy k\u00f6z\u00f6lni fogja;<\/li>\n<li>a szem\u00e9lyes adatok t\u00e1rol\u00e1s\u00e1nak tervezett id\u0151tartama, vagy ha ez nem lehets\u00e9ges, ezen id\u0151tartam meghat\u00e1roz\u00e1s\u00e1nak szempontjai;<\/li>\n<li>az \u00d6n azon joga, hogy k\u00e9relmezheti az Adatkezel\u0151t\u0151l az \u00d6nre vonatkoz\u00f3 szem\u00e9lyes adatok helyesb\u00edt\u00e9s\u00e9t, t\u00f6rl\u00e9s\u00e9t vagy kezel\u00e9s\u00e9nek korl\u00e1toz\u00e1s\u00e1t, \u00e9s jogos \u00e9rdeken alapul\u00f3 adatkezel\u00e9s eset\u00e9n tiltakozhat az ilyen szem\u00e9lyes adatok kezel\u00e9se ellen;<\/li>\n<li>a fel\u00fcgyeleti hat\u00f3s\u00e1ghoz c\u00edmzett panasz beny\u00fajt\u00e1s\u00e1nak joga;<\/li>\n<li>ha az adatokat nem \u00d6nt\u0151l gy\u0171jt\u00f6tt\u00e9k be, a forr\u00e1sukra vonatkoz\u00f3 minden el\u00e9rhet\u0151 inform\u00e1ci\u00f3;<\/li>\n<li>az automatiz\u00e1lt d\u00f6nt\u00e9shozatal t\u00e9ny\u00e9r\u0151l (ha alkalmazott ilyen elj\u00e1r\u00e1s), ide\u00e9rtve a profilalkot\u00e1st is, valamint legal\u00e1bb ezekben az esetekben az alkalmazott logik\u00e1ra \u00e9s arra vonatkoz\u00f3an \u00e9rthet\u0151 inform\u00e1ci\u00f3kat, hogy az ilyen adatkezel\u00e9s milyen jelent\u0151s\u00e9ggel, \u00e9s \u00d6nre n\u00e9zve milyen v\u00e1rhat\u00f3 k\u00f6vetkezm\u00e9nyekkel b\u00edr.<\/li>\n<\/ul>\n<\/li>\n<\/ul>\n<p>A jog gyakorl\u00e1s\u00e1nak c\u00e9lja az adatkezel\u00e9s jogszer\u0171s\u00e9g\u00e9nek meg\u00e1llap\u00edt\u00e1s\u00e1ra \u00e9s ellen\u0151rz\u00e9s\u00e9re ir\u00e1nyulhat, ez\u00e9rt t\u00f6bbsz\u00f6ri t\u00e1j\u00e9koztat\u00e1s k\u00e9r\u00e9s eset\u00e9n az Adatkezel\u0151 m\u00e9lt\u00e1nyos k\u00f6lts\u00e9gt\u00e9r\u00edt\u00e9st sz\u00e1molhat fel a t\u00e1j\u00e9koztat\u00e1s teljes\u00edt\u00e9s\u00e9\u00e9rt cser\u00e9be.<\/p>\n<p>A szem\u00e9lyes adatokhoz val\u00f3 hozz\u00e1f\u00e9r\u00e9st az Adatkezel\u0151 \u00fagy biztos\u00edtja, hogy az \u00d6n azonos\u00edt\u00e1s\u00e1t k\u00f6vet\u0151en emailben juttatja el \u00d6nh\u00f6z a kezelt szem\u00e9lyes adatokat \u00e9s az inform\u00e1ci\u00f3kat. Amennyiben regisztr\u00e1ci\u00f3val rendelkezik, akkor a hozz\u00e1f\u00e9r\u00e9st \u00fagy biztos\u00edtjuk, hogy a felhaszn\u00e1l\u00f3i fi\u00f3kj\u00e1ba bel\u00e9pve tudja az \u00d6nr\u0151l kezelt szem\u00e9lyes adatokat megtekinteni \u00e9s ellen\u0151rizni.<\/p>\n<p>K\u00e9rj\u00fck, hogy k\u00e9relm\u00e9ben jel\u00f6lje meg, hogy a szem\u00e9lyes adatokhoz k\u00e9r hozz\u00e1f\u00e9r\u00e9st, vagy az adatkezel\u00e9ssel kapcsolatos inform\u00e1ci\u00f3kat k\u00e9ri.<\/p>\n<h4><strong>Helyesb\u00edt\u00e9shez val\u00f3 jog<\/strong><\/h4>\n<p>\u00d6n jogosult arra, hogy k\u00e9r\u00e9s\u00e9re az Adatkezel\u0151 k\u00e9sedelem n\u00e9lk\u00fcl helyesb\u00edtse az \u00d6nre vonatkoz\u00f3 pontatlan szem\u00e9lyes adatokat.<\/p>\n<h4><strong>Adatkezel\u00e9s korl\u00e1toz\u00e1s\u00e1hoz val\u00f3 jog<\/strong><\/h4>\n<p>\u00d6n jogosult arra, hogy k\u00e9r\u00e9s\u00e9re az Adatkezel\u0151 korl\u00e1tozza az adatkezel\u00e9st, ha az al\u00e1bbiak valamelyike teljes\u00fcl:<\/p>\n<ul>\n<li>\u00d6n vitatja a szem\u00e9lyes adatok pontoss\u00e1g\u00e1t, ez esetben a korl\u00e1toz\u00e1s arra az id\u0151tartamra vonatkozik, amely lehet\u0151v\u00e9 teszi, hogy az Adatkezel\u0151 ellen\u0151rizze a szem\u00e9lyes adatok pontoss\u00e1g\u00e1t, ha a pontos adat azonnal meg\u00e1llap\u00edthat\u00f3, akkor nem ker\u00fcl sor a korl\u00e1toz\u00e1sra;<\/li>\n<li>\n<p>az adatkezel\u00e9s jogellenes, de \u00d6n ellenzi az adatok t\u00f6rl\u00e9s\u00e9t b\u00e1rmely okb\u00f3l (p\u00e9ld\u00e1ul az\u00e9rt, mert az \u00d6n sz\u00e1m\u00e1ra jogi ig\u00e9ny \u00e9rv\u00e9nyes\u00edt\u00e9se miatt fontosak az adatok), ez\u00e9rt nem az adatok t\u00f6rl\u00e9s\u00e9t k\u00e9ri, hanem ehelyett k\u00e9ri azok felhaszn\u00e1l\u00e1s\u00e1nak korl\u00e1toz\u00e1s\u00e1t;<\/p>\n<\/li>\n<li>\n<p>az Adatkezel\u0151nek m\u00e1r nincs sz\u00fcks\u00e9ge a szem\u00e9lyes adatokra a megjel\u00f6lt adatkezel\u00e9s c\u00e9lj\u00e1b\u00f3l, de \u00d6n ig\u00e9nyli azokat jogi ig\u00e9nyek el\u0151terjeszt\u00e9s\u00e9hez, \u00e9rv\u00e9nyes\u00edt\u00e9s\u00e9hez vagy v\u00e9delm\u00e9hez; vagy<\/p>\n<\/li>\n<li>\u00d6n tiltakozott az adatkezel\u00e9s ellen, de Adatkezel\u0151 jogos \u00e9rdeke is megalapozhatja az adatkezel\u00e9st, ez esetben am\u00edg meg\u00e1llap\u00edt\u00e1sra nem ker\u00fcl, hogy az Adatkezel\u0151 jogos indokai els\u0151bbs\u00e9get \u00e9lveznek-e az \u00d6n jogos indokaival szemben, az adatkezel\u00e9st korl\u00e1tozni kell.<\/li>\n<\/ul>\n<p>Ha az adatkezel\u00e9s korl\u00e1toz\u00e1s al\u00e1 esik, az ilyen szem\u00e9lyes adatokat a t\u00e1rol\u00e1s kiv\u00e9tel\u00e9vel csak az \u00e9rintett hozz\u00e1j\u00e1rul\u00e1s\u00e1val, vagy jogi ig\u00e9nyek el\u0151terjeszt\u00e9s\u00e9hez, \u00e9rv\u00e9nyes\u00edt\u00e9s\u00e9hez vagy v\u00e9delm\u00e9hez, vagy m\u00e1s term\u00e9szetes vagy jogi szem\u00e9ly jogainak v\u00e9delme \u00e9rdek\u00e9ben, vagy az Uni\u00f3, illetve valamely tag\u00e1llam fontos k\u00f6z\u00e9rdek\u00e9b\u0151l lehet kezelni.<\/p>\n<p>Adatkezel\u0151 az adatkezel\u00e9s korl\u00e1toz\u00e1s\u00e1nak felold\u00e1s\u00e1r\u00f3l el\u0151zetesen (legal\u00e1bb a korl\u00e1toz\u00e1s felold\u00e1s\u00e1t megel\u0151z\u0151 3 munkanappal) t\u00e1j\u00e9koztatja \u00d6nt.<\/p>\n<h4><strong>T\u00f6rl\u00e9shez &#8211; elfeledtet\u00e9shez val\u00f3 jog<\/strong><\/h4>\n<p>\u00d6n jogosult arra, hogy az Adatkezel\u0151 indokolatlan k\u00e9sedelem n\u00e9lk\u00fcl t\u00f6r\u00f6lje az \u00d6nre vonatkoz\u00f3 szem\u00e9lyes adatokat, ha az al\u00e1bbi indokok valamelyike fenn\u00e1ll:<\/p>\n<ul>\n<li>a szem\u00e9lyes adatokra m\u00e1r nincs sz\u00fcks\u00e9g abb\u00f3l a c\u00e9lb\u00f3l, amelyb\u0151l azokat az Adatkezel\u0151 gy\u0171jt\u00f6tte vagy m\u00e1s m\u00f3don kezelte;<\/li>\n<li>\u00d6n visszavonja hozz\u00e1j\u00e1rul\u00e1s\u00e1t \u00e9s az adatkezel\u00e9snek nincs m\u00e1s jogalapja;<\/li>\n<li>\u00d6n tiltakozik a jogos \u00e9rdeken alapul\u00f3 adatkezel\u00e9s ellen, \u00e9s nincs els\u0151bbs\u00e9get \u00e9lvez\u0151 jogszer\u0171 ok (azaz jogos \u00e9rdek) az adatkezel\u00e9sre,<\/li>\n<li>a szem\u00e9lyes adatokat az Adatkezel\u0151 jogellenesen kezelte \u00e9s ez a panasz alapj\u00e1n meg\u00e1llap\u00edt\u00e1st nyert,<\/li>\n<li>a szem\u00e9lyes adatokat az Adatkezel\u0151re alkalmazand\u00f3 uni\u00f3s vagy tag\u00e1llami jogban el\u0151\u00edrt jogi k\u00f6telezetts\u00e9g teljes\u00edt\u00e9s\u00e9hez t\u00f6r\u00f6lni kell.<\/li>\n<\/ul>\n<p>Ha az Adatkezel\u0151 b\u00e1rmely jogszer\u0171 okn\u00e1l fogva nyilv\u00e1noss\u00e1gra hozta az \u00d6nr\u0151l kezelt szem\u00e9lyes adatot, \u00e9s b\u00e1rmely fent megjel\u00f6lt okb\u00f3l t\u00f6r\u00f6lni k\u00f6teles azt, az el\u00e9rhet\u0151 technol\u00f3gia \u00e9s a megval\u00f3s\u00edt\u00e1s k\u00f6lts\u00e9geinek figyelembev\u00e9tel\u00e9vel k\u00f6teles megtenni az \u00e9szszer\u0171en elv\u00e1rhat\u00f3 l\u00e9p\u00e9seket \u2013 ide\u00e9rtve technikai int\u00e9zked\u00e9seket \u2013 annak \u00e9rdek\u00e9ben, hogy t\u00e1j\u00e9koztassa az adatokat kezel\u0151 m\u00e1s adatkezel\u0151ket, hogy \u00d6n k\u00e9relmezte a sz\u00f3ban forg\u00f3 szem\u00e9lyes adatokra mutat\u00f3 linkek vagy e szem\u00e9lyes adatok m\u00e1solat\u00e1nak, illetve m\u00e1sodp\u00e9ld\u00e1ny\u00e1nak t\u00f6rl\u00e9s\u00e9t.<\/p>\n<p>A t\u00f6rl\u00e9s nem alkalmazand\u00f3, amennyiben az adatkezel\u00e9s sz\u00fcks\u00e9ges:<\/p>\n<ul>\n<li>a v\u00e9lem\u00e9nynyilv\u00e1n\u00edt\u00e1s szabads\u00e1g\u00e1hoz \u00e9s a t\u00e1j\u00e9koz\u00f3d\u00e1shoz val\u00f3 jog gyakorl\u00e1sa c\u00e9lj\u00e1b\u00f3l;<\/li>\n<li>a szem\u00e9lyes adatok kezel\u00e9s\u00e9t el\u0151\u00edr\u00f3, az adatkezel\u0151re alkalmazand\u00f3 uni\u00f3s vagy tag\u00e1llami jog szerinti k\u00f6telezetts\u00e9g teljes\u00edt\u00e9se (ilyen eset a sz\u00e1ml\u00e1z\u00e1s keret\u00e9ben megval\u00f3sul\u00f3 adatkezel\u00e9s, mivel a sz\u00e1mla meg\u0151rz\u00e9s\u00e9t jogszab\u00e1ly \u00edrja el\u0151), illetve k\u00f6z\u00e9rdekb\u0151l vagy az adatkezel\u0151re ruh\u00e1zott k\u00f6zhatalmi jogos\u00edtv\u00e1ny gyakorl\u00e1sa keret\u00e9ben v\u00e9gzett feladat v\u00e9grehajt\u00e1sa c\u00e9lj\u00e1b\u00f3l;<\/li>\n<li>jogi ig\u00e9nyek el\u0151terjeszt\u00e9s\u00e9hez, \u00e9rv\u00e9nyes\u00edt\u00e9s\u00e9hez, illetve v\u00e9delm\u00e9hez (pl.: ha az Adatkezel\u0151nek \u00d6n fel\u00e9 k\u00f6vetel\u00e9se \u00e1ll fenn \u00e9s azt m\u00e9g nem teljes\u00edtette, vagy fogyaszt\u00f3i, adatkezel\u00e9si panasz int\u00e9z\u00e9se van folyamatban).<\/li>\n<\/ul>\n<h4><strong>Tiltakoz\u00e1shoz val\u00f3 jog<\/strong><\/h4>\n<p>\u00d6n jogosult arra, hogy a saj\u00e1t helyzet\u00e9vel kapcsolatos okokb\u00f3l b\u00e1rmikor tiltakozzon szem\u00e9lyes adatainak jogos \u00e9rdeken alapul\u00f3 kezel\u00e9se ellen. Ebben az esetben az Adatkezel\u0151 a szem\u00e9lyes adatokat nem kezelheti tov\u00e1bb, kiv\u00e9ve, ha az bizony\u00edtja, hogy az adatkezel\u00e9st olyan k\u00e9nyszer\u00edt\u0151 erej\u0171 jogos okok indokolj\u00e1k, amelyek els\u0151bbs\u00e9get \u00e9lveznek az \u00d6n \u00e9rdekeivel, jogaival \u00e9s szabads\u00e1gaival szemben, vagy amelyek jogi ig\u00e9nyek el\u0151terjeszt\u00e9s\u00e9hez, \u00e9rv\u00e9nyes\u00edt\u00e9s\u00e9hez vagy v\u00e9delm\u00e9hez kapcsol\u00f3dnak.<br \/><span><br \/>Ha a szem\u00e9lyes adatok kezel\u00e9se k\u00f6zvetlen \u00fczletszerz\u00e9s \u00e9rdek\u00e9ben t\u00f6rt\u00e9nik, \u00d6n jogosult arra, hogy b\u00e1rmikor tiltakozzon az \u00d6nre vonatkoz\u00f3 szem\u00e9lyes adatok e c\u00e9lb\u00f3l t\u00f6rt\u00e9n\u0151 kezel\u00e9se ellen, ide\u00e9rtve a profilalkot\u00e1st is, amennyiben az a k\u00f6zvetlen \u00fczletszerz\u00e9shez kapcsol\u00f3dik. Ha \u00d6n tiltakozik a szem\u00e9lyes adatok k\u00f6zvetlen \u00fczletszerz\u00e9s \u00e9rdek\u00e9ben t\u00f6rt\u00e9n\u0151 kezel\u00e9se ellen, akkor a szem\u00e9lyes adatok a tov\u00e1bbiakban e c\u00e9lb\u00f3l nem kezelhet\u0151k.<\/span><\/p>\n<h4><strong>Hordozhat\u00f3s\u00e1ghoz val\u00f3 jog<\/strong><\/h4>\n<p>Amennyiben az adatkezel\u00e9s automatiz\u00e1lt m\u00f3don val\u00f3sul meg, vagy ha az adatkezel\u00e9s az \u00d6n \u00f6nk\u00e9ntes hozz\u00e1j\u00e1rul\u00e1s\u00e1n alapul, \u00d6nnek joga van arra, hogy k\u00e9rje az Adatkezel\u0151t\u0151l, hogy az \u00d6n \u00e1ltal az Adatkezel\u0151 r\u00e9sz\u00e9re megadott adatokat megkapja, amit az Adatkezel\u0151 xml, JSON, vagy csv form\u00e1tumban bocs\u00e1t az \u00d6n rendelkez\u00e9s\u00e9re, ha ez technikailag megval\u00f3s\u00edthat\u00f3, akkor k\u00e9rheti, hogy az Adatkezel\u0151 az adatokat ebben a form\u00e1ban m\u00e1s adatkezel\u0151 sz\u00e1m\u00e1ra tov\u00e1bb\u00edtsa.<\/p>\n<h4>Automatiz\u00e1lt d\u00f6nt\u00e9shozatal<\/h4>\n<p>\u00d6n jogosult arra, hogy ne terjedjen ki \u00d6nre az olyan, kiz\u00e1r\u00f3lag automatiz\u00e1lt adatkezel\u00e9sen alapul\u00f3 d\u00f6nt\u00e9s hat\u00e1lya (ide\u00e9rtve a profilalkot\u00e1st is), amely \u00d6nre n\u00e9zve joghat\u00e1ssal j\u00e1rna vagy \u00d6nt hasonl\u00f3k\u00e9ppen jelent\u0151s m\u00e9rt\u00e9kben \u00e9rinten\u00e9. Ezekben az esetekben az Adatkezel\u0151 k\u00f6teles megfelel\u0151 int\u00e9zked\u00e9seket tenni az \u00e9rintett jogainak, szabads\u00e1gainak \u00e9s jogos \u00e9rdekeinek v\u00e9delme \u00e9rdek\u00e9ben, ide\u00e9rtve az \u00e9rintettnek legal\u00e1bb azt a jog\u00e1t, hogy az adatkezel\u0151 r\u00e9sz\u00e9r\u0151l emberi beavatkoz\u00e1st k\u00e9rjen, \u00e1ll\u00e1spontj\u00e1t kifejezze, \u00e9s a d\u00f6nt\u00e9ssel szemben kifog\u00e1st ny\u00fajtson be.<\/p>\n<p><strong>A fentiek nem alkalmazand\u00f3ak abban az esetben, ha a d\u00f6nt\u00e9s:<\/strong><\/p>\n<ul>\n<li>\u00d6n \u00e9s az Adatkezel\u0151 k\u00f6z\u00f6tti szerz\u0151d\u00e9s megk\u00f6t\u00e9se vagy teljes\u00edt\u00e9se \u00e9rdek\u00e9ben sz\u00fcks\u00e9ges;<\/li>\n<li>meghozatal\u00e1t az Adatkezel\u0151re alkalmazand\u00f3 olyan uni\u00f3s vagy tag\u00e1llami jog teszi lehet\u0151v\u00e9, amely \u00d6n jogainak \u00e9s szabads\u00e1gainak, valamint jogos \u00e9rdekeinek v\u00e9delm\u00e9t szolg\u00e1l\u00f3 megfelel\u0151 int\u00e9zked\u00e9seket is meg\u00e1llap\u00edt; vagy<\/li>\n<li>az \u00d6n kifejezett hozz\u00e1j\u00e1rul\u00e1s\u00e1n alapul.<\/li>\n<\/ul>\n<h2>Adatv\u00e9delmi nyilv\u00e1ntart\u00e1sba t\u00f6rt\u00e9n\u0151 bejelentkez\u00e9s<\/h2>\n<p>Az Infotv. rendelkez\u00e9sei \u00e9rtelm\u00e9ben az Adatkezel\u0151nek bizonyos adatkezel\u00e9seit be kellett jelentenie az adatv\u00e9delmi nyilv\u00e1ntart\u00e1sba. Ez a bejelent\u00e9si k\u00f6telezetts\u00e9g 2018. m\u00e1jus 25. napj\u00e1val megsz\u0171nt.<\/p>\n<h2><strong>Adatbiztons\u00e1gi int\u00e9zked\u00e9sek<\/strong><\/h2>\n<p>Az Adatkezel\u0151 kijelenti, hogy megfelel\u0151 biztons\u00e1gi int\u00e9zked\u00e9seket hozott annak \u00e9rdek\u00e9ben, hogy a szem\u00e9lyes adatok v\u00e9dje a jogosulatlan hozz\u00e1f\u00e9r\u00e9s, megv\u00e1ltoztat\u00e1s, tov\u00e1bb\u00edt\u00e1s, nyilv\u00e1noss\u00e1gra hozatal, t\u00f6rl\u00e9s vagy megsemmis\u00edt\u00e9s, valamint a v\u00e9letlen megsemmis\u00fcl\u00e9s \u00e9s s\u00e9r\u00fcl\u00e9s, tov\u00e1bb\u00e1 az alkalmazott technika megv\u00e1ltoz\u00e1s\u00e1b\u00f3l fakad\u00f3 hozz\u00e1f\u00e9rhetetlenn\u00e9 v\u00e1l\u00e1s ellen.<\/p>\n<p>Az Adatkezel\u0151 a szervezeti \u00e9s technikai lehet\u0151s\u00e9gekhez k\u00e9pest mindent megtesz annak \u00e9rdek\u00e9ben, hogy az Adatfeldolgoz\u00f3i is megfelel\u0151 adatbiztons\u00e1gi int\u00e9zked\u00e9seket tegyenek, amikor az \u00d6n szem\u00e9lyes adataival dolgoznak.<\/p>\n<h2><strong>Jogorvoslati lehet\u0151s\u00e9gek<\/strong><\/h2>\n<p>Amennyiben \u00d6n szerint az Adatkezel\u0151 megs\u00e9rtette valamely, az adatkezel\u00e9sre vonatkoz\u00f3 t\u00f6rv\u00e9nyi rendelkez\u00e9st, vagy nem teljes\u00edtette valamely k\u00e9relm\u00e9t, akkor v\u00e9lelmezett jogellenes adatkezel\u00e9s megsz\u00fcntet\u00e9se \u00e9rdek\u00e9ben a Nemzeti Adatv\u00e9delmi \u00e9s Inform\u00e1ci\u00f3szabads\u00e1g Hat\u00f3s\u00e1g vizsg\u00e1lati elj\u00e1r\u00e1s\u00e1t kezdem\u00e9nyezheti (levelez\u00e9si c\u00edm: 1363 Budapest, Pf. 9., e-mail: ugyfelszolgalat@naih.hu, telefonsz\u00e1mok: +36 (30) 683-5969 +36 (30) 549-6838; +36 (1) 391 1400).<\/p>\n<p>T\u00e1j\u00e9koztatjuk emellett arr\u00f3l is, hogy az adatkezel\u00e9sre vonatkoz\u00f3 t\u00f6rv\u00e9nyi rendelkez\u00e9sek megs\u00e9rt\u00e9se eset\u00e9n, vagy ha az Adatkezel\u0151 nem teljes\u00edtette valamely k\u00e9relm\u00e9t, akkor az Adatkezel\u0151vel szemben polg\u00e1ri pert ind\u00edthat b\u00edr\u00f3s\u00e1g el\u0151tt.\u00a0<\/p>\n<h2><strong>Adatkezel\u00e9si t\u00e1j\u00e9koztat\u00f3 m\u00f3dos\u00edt\u00e1sa<\/strong><\/h2>\n<p>Az Adatkezel\u0151 fenntartja a jogot, hogy jelen adatkezel\u00e9si t\u00e1j\u00e9koztat\u00f3t az adatkezel\u00e9s c\u00e9lj\u00e1t \u00e9s jogalapj\u00e1t nem \u00e9rint\u0151 m\u00f3don m\u00f3dos\u00edtsa. A honlap m\u00f3dos\u00edt\u00e1s hat\u00e1lybal\u00e9p\u00e9s\u00e9t k\u00f6vet\u0151 haszn\u00e1lat\u00e1val elfogadja a m\u00f3dos\u00edtott adatkezel\u00e9si t\u00e1j\u00e9koztat\u00f3t.<\/p>\n<p>Amennyiben az Adatkezel\u0151 a gy\u0171jt\u00f6tt adatokkal kapcsolatban a gy\u0171jt\u00e9s\u00fck c\u00e9lj\u00e1t\u00f3l elt\u00e9r\u0151 c\u00e9lb\u00f3l tov\u00e1bbi adatkezel\u00e9st k\u00edv\u00e1n v\u00e9gezni, a tov\u00e1bbi adatkezel\u00e9st megel\u0151z\u0151en t\u00e1j\u00e9koztatja \u00d6nt az adatkezel\u00e9s c\u00e9lj\u00e1r\u00f3l \u00e9s az al\u00e1bbi inform\u00e1ci\u00f3kr\u00f3l:<\/p>\n<ul>\n<li>a szem\u00e9lyes adatok t\u00e1rol\u00e1s\u00e1nak id\u0151tartam\u00e1r\u00f3l, vagy ha ez nem lehets\u00e9ges, akkor az id\u0151tartam meghat\u00e1roz\u00e1s\u00e1nak szempontjair\u00f3l;<\/li>\n<li>azon jog\u00e1r\u00f3l, hogy k\u00e9relmezheti az Adatkezel\u0151t\u0151l az \u00d6nre vonatkoz\u00f3 szem\u00e9lyes adatokhoz val\u00f3 hozz\u00e1f\u00e9r\u00e9st, azok helyesb\u00edt\u00e9s\u00e9t, t\u00f6rl\u00e9s\u00e9t vagy kezel\u00e9s\u00e9nek korl\u00e1toz\u00e1s\u00e1t, \u00e9s jogos \u00e9rdeken alapul\u00f3 adatkezel\u00e9s eset\u00e9n tiltakozhat a szem\u00e9lyes adatok kezel\u00e9se ellen, valamint a hozz\u00e1j\u00e1rul\u00e1son, vagy szerz\u0151d\u00e9ses kapcsolaton alapul\u00f3 adatkezel\u00e9s eset\u00e9n k\u00e9rheti az adathordozhat\u00f3s\u00e1ghoz val\u00f3 jog biztos\u00edt\u00e1s\u00e1t;<\/li>\n<li>hozz\u00e1j\u00e1rul\u00e1son alapul\u00f3 adatkezel\u00e9s eset\u00e9n arr\u00f3l, hogy a hozz\u00e1j\u00e1rul\u00e1st \u00d6n b\u00e1rmikor visszavonhatja,<\/li>\n<li>a fel\u00fcgyeleti hat\u00f3s\u00e1ghoz c\u00edmzett panasz beny\u00fajt\u00e1s\u00e1nak jog\u00e1r\u00f3l;<\/li>\n<li>arr\u00f3l, hogy a szem\u00e9lyes adat szolg\u00e1ltat\u00e1sa jogszab\u00e1lyon vagy szerz\u0151d\u00e9ses k\u00f6telezetts\u00e9gen alapul vagy szerz\u0151d\u00e9s k\u00f6t\u00e9s\u00e9nek el\u0151felt\u00e9tele-e, valamint hogy az \u00d6n k\u00f6teles-e a szem\u00e9lyes adatokat megadni, tov\u00e1bb\u00e1 hogy milyen lehets\u00e9ges k\u00f6vetkezm\u00e9nyeikkel j\u00e1rhat az adatszolg\u00e1ltat\u00e1s elmarad\u00e1sa;<\/li>\n<li>az automatiz\u00e1lt d\u00f6nt\u00e9shozatal t\u00e9ny\u00e9r\u0151l (ha alkalmazott ilyen elj\u00e1r\u00e1s), ide\u00e9rtve a profilalkot\u00e1st is, valamint legal\u00e1bb ezekben az esetekben az alkalmazott logik\u00e1ra \u00e9s arra vonatkoz\u00f3an \u00e9rthet\u0151 inform\u00e1ci\u00f3kat, hogy az ilyen adatkezel\u00e9s milyen jelent\u0151s\u00e9ggel, \u00e9s \u00d6nre n\u00e9zve milyen v\u00e1rhat\u00f3 k\u00f6vetkezm\u00e9nyekkel b\u00edr.<\/li>\n<\/ul>\n<p>Az adatkezel\u00e9s csak ezt k\u00f6vet\u0151en kezd\u0151dhet meg, amennyiben az adatkezel\u00e9s jogalapja hozz\u00e1j\u00e1rul\u00e1s, az adatkezel\u00e9shez a t\u00e1j\u00e9koztat\u00e1son fel\u00fcl \u00d6nnek hozz\u00e1 is kell j\u00e1rulnia.\u00a0<\/p>\n<\/div>\n<p><span><\/span><\/p>\n<p><span><\/span><\/p>\n<p><span><\/span><\/p>\n<\/div>\n<\/div>\n<\/div>\n<\/footer>\n<\/div>\n<p>[\/et_pb_text][\/et_pb_column][\/et_pb_row][\/et_pb_section]<\/p>\n","protected":false},"excerpt":{"rendered":"<p>&nbsp; &nbsp; Elfogad\u00e1s d\u00e1tuma: 2024-10-26 &nbsp; &nbsp; Adatkezel\u0151 : C\u00e9gn\u00e9v:\u00a0Big Island Trading House Kft. Sz\u00e9khely:\u00a09241 J\u00e1nossomorja, Franck utca 19 Levelez\u00e9si c\u00edm:\u00a09241 J\u00e1nossomorja, Franck utca 19 Ad\u00f3sz\u00e1m:\u00a032390465-2-08 C\u00e9gjegyz\u00e9ksz\u00e1m:\u00a008-09-036170 A c\u00e9get bejegyz\u0151 hat\u00f3s\u00e1g:\u00a0\u00a0Gy\u0151ri T\u00f6rv\u00e9nysz\u00e9k C\u00e9gb\u00edr\u00f3s\u00e1ga Kamara:\u00a0Magyar Kereskedelmi \u00e9s Iparkamara Banksz\u00e1mla sz\u00e1ma:\u00a0HU13109180010000012419830004 SWIFT:\u00a0BACXHUHB Telefonsz\u00e1m:\u00a0 +36704538797 E-mail:\u00a0info@big-island.hu &nbsp; T\u00e1rhelyszolg\u00e1ltat\u00f3: C\u00e9gn\u00e9v:\u00a0\u00a0Sybell Informatika Kft. C\u00edm:\u00a0\u00a01158 Budapest, K\u00e9sm\u00e1rk u. 7\/B 2. em. [&hellip;]<\/p>\n","protected":false},"author":1,"featured_media":0,"parent":0,"menu_order":0,"comment_status":"closed","ping_status":"closed","template":"","meta":{"_et_pb_use_builder":"on","_et_pb_old_content":"","_et_gb_content_width":"","footnotes":""},"class_list":["post-748","page","type-page","status-publish","hentry"],"jetpack_sharing_enabled":true,"_links":{"self":[{"href":"https:\/\/big-island.hu\/de\/wp-json\/wp\/v2\/pages\/748","targetHints":{"allow":["GET"]}}],"collection":[{"href":"https:\/\/big-island.hu\/de\/wp-json\/wp\/v2\/pages"}],"about":[{"href":"https:\/\/big-island.hu\/de\/wp-json\/wp\/v2\/types\/page"}],"author":[{"embeddable":true,"href":"https:\/\/big-island.hu\/de\/wp-json\/wp\/v2\/users\/1"}],"replies":[{"embeddable":true,"href":"https:\/\/big-island.hu\/de\/wp-json\/wp\/v2\/comments?post=748"}],"version-history":[{"count":3,"href":"https:\/\/big-island.hu\/de\/wp-json\/wp\/v2\/pages\/748\/revisions"}],"predecessor-version":[{"id":830,"href":"https:\/\/big-island.hu\/de\/wp-json\/wp\/v2\/pages\/748\/revisions\/830"}],"wp:attachment":[{"href":"https:\/\/big-island.hu\/de\/wp-json\/wp\/v2\/media?parent=748"}],"curies":[{"name":"wp","href":"https:\/\/api.w.org\/{rel}","templated":true}]}}